{"id":110,"date":"2024-04-29T08:05:56","date_gmt":"2024-04-29T08:05:56","guid":{"rendered":"http:\/\/enlazadoseventos.es\/?page_id=110"},"modified":"2024-07-17T16:33:44","modified_gmt":"2024-07-17T16:33:44","slug":"blog","status":"publish","type":"page","link":"https:\/\/enlazadoseventos.es\/en\/blog\/","title":{"rendered":"Blog"},"content":{"rendered":"<section class=\"l-section wpb_row us_custom_d96c3b9a height_huge\"><div class=\"l-section-h i-cf\"><div class=\"g-cols vc_row via_grid cols_1 laptops-cols_inherit tablets-cols_inherit mobiles-cols_1 valign_top type_default stacking_default\"><div class=\"wpb_column vc_column_container\"><div class=\"vc_column-inner\"><div class=\"wpb_text_column us_custom_8f2ba1f4 us_animate_this\"><div class=\"wpb_wrapper\"><h1 style=\"text-align: center;\">Blog:<strong> Diario de una boda perfecta.<\/strong><\/h1>\n<\/div><\/div><\/div><\/div><\/div><\/div><\/section><section class=\"l-section wpb_row height_auto\"><div class=\"l-section-h i-cf\"><div class=\"g-cols vc_row via_grid cols_1 laptops-cols_inherit tablets-cols_inherit mobiles-cols_1 valign_top type_default stacking_default\"><div class=\"wpb_column vc_column_container\"><div class=\"vc_column-inner\"><div class=\"w-separator size_medium\"><\/div><div class=\"w-grid type_masonry layout_blog_9 cols_3 overflow_hidden with_isotope with_css_animation\" id=\"us_grid_1\" style=\"--gap:1.5rem;\" data-filterable=\"true\"><style>@media (max-width:1024px){#us_grid_1 .w-grid-item{width:50%}}@media (max-width:600px){#us_grid_1 .w-grid-list{margin:0}#us_grid_1 .w-grid-item{width:100%;padding:0;margin-bottom:var(--gap,0px)}}@media (min-width:1024px){#us_grid_1 .w-post-elm.post_title{font-size:50px!important}}.layout_blog_9 .w-grid-item-h{background:var(--color-content-bg);color:var(--color-content-heading);border-radius:0.3rem;box-shadow:0 0.03rem 0.06rem rgba(0,0,0,0.1),0 0.1rem 0.3rem rgba(0,0,0,0.1);transition-duration:0.3s}.no-touch .layout_blog_9 .w-grid-item-h:hover{box-shadow:0 0.12rem 0.24rem rgba(0,0,0,0.1),0 0.4rem 1.2rem rgba(0,0,0,0.15);z-index:4}.layout_blog_9 .usg_vwrapper_1{padding:5% 8% 8% 8%!important}.layout_blog_9 .usg_hwrapper_1{margin-bottom:0.2rem!important}.layout_blog_9 .usg_post_taxonomy_1{font-size:0.8rem!important;font-weight:700!important;text-transform:uppercase!important;margin-right:0.6rem!important}.layout_blog_9 .usg_post_date_1{color:var(--color-content-faded)!important;font-size:0.8rem!important;margin-bottom:0.3rem!important}.layout_blog_9 .usg_post_title_1{color:inherit!important;font-weight:700!important;font-size:1.4rem!important}@media (max-width:600px){.layout_blog_9 .usg_post_title_1{font-size:1.2rem!important}}<\/style><div class=\"w-grid-list\">\t<article class=\"w-grid-item us_animate_afb off_autostart size_1x1 post-100942 post type-post status-publish format-standard has-post-thumbnail hentry category-ideas category-tendencias\" data-id=\"100942\" style=\"animation-delay:0s\">\r\n\t\t<div class=\"w-grid-item-h\">\r\n\t\t\t\t\t\t<div class=\"w-post-elm post_image usg_post_image_1 stretched\"><a href=\"https:\/\/enlazadoseventos.es\/en\/por-que-celebrar-tu-boda-en-andalucia\/\" aria-label=\"\u00bfPor qu\u00e9 celebrar tu boda en Andaluc\u00eda?\"><img loading=\"lazy\" decoding=\"async\" width=\"683\" height=\"1024\" src=\"https:\/\/enlazadoseventos.es\/wp-content\/uploads\/2026\/06\/BLOG-Enlazados-2-683x1024.png\" class=\"attachment-large size-large wp-post-image\" alt=\"boda en andaluc\u00eda\" srcset=\"https:\/\/enlazadoseventos.es\/wp-content\/uploads\/2026\/06\/BLOG-Enlazados-2-683x1024.png 683w, https:\/\/enlazadoseventos.es\/wp-content\/uploads\/2026\/06\/BLOG-Enlazados-2-200x300.png 200w, https:\/\/enlazadoseventos.es\/wp-content\/uploads\/2026\/06\/BLOG-Enlazados-2-8x12.png 8w, https:\/\/enlazadoseventos.es\/wp-content\/uploads\/2026\/06\/BLOG-Enlazados-2-133x200.png 133w, https:\/\/enlazadoseventos.es\/wp-content\/uploads\/2026\/06\/BLOG-Enlazados-2-267x400.png 267w, https:\/\/enlazadoseventos.es\/wp-content\/uploads\/2026\/06\/BLOG-Enlazados-2-533x800.png 533w, https:\/\/enlazadoseventos.es\/wp-content\/uploads\/2026\/06\/BLOG-Enlazados-2-400x600.png 400w, https:\/\/enlazadoseventos.es\/wp-content\/uploads\/2026\/06\/BLOG-Enlazados-2.png 800w\" sizes=\"auto, (max-width: 683px) 100vw, 683px\" \/><\/a><\/div><div class=\"w-vwrapper usg_vwrapper_1 align_none valign_top\"><div class=\"w-hwrapper usg_hwrapper_1 align_none valign_top wrap\"><div class=\"w-post-elm post_taxonomy usg_post_taxonomy_1 style_simple\"><a class=\"term-21 term-ideas\" href=\"https:\/\/enlazadoseventos.es\/en\/category\/ideas\/\">Ideas<\/a><b>, <\/b><a class=\"term-17 term-tendencias\" href=\"https:\/\/enlazadoseventos.es\/en\/category\/tendencias\/\">Tendencias<\/a><\/div><time class=\"w-post-elm post_date usg_post_date_1 has_text_color entry-date published\" datetime=\"2026-06-29T09:33:35+00:00\" title=\"29 June 2026 at 09:33:35 +00:00\">2 months ago<\/time><\/div><h2 class=\"w-post-elm post_title usg_post_title_1 has_text_color entry-title color_link_inherit\"><a href=\"https:\/\/enlazadoseventos.es\/en\/por-que-celebrar-tu-boda-en-andalucia\/\">\u00bfPor qu\u00e9 celebrar tu boda en Andaluc\u00eda?<\/a><\/h2><\/div>\t\t<\/div>\r\n\t\t\t<\/article>\r\n\t<article class=\"w-grid-item us_animate_afb off_autostart size_1x1 post-100889 post type-post status-publish format-standard has-post-thumbnail hentry category-ideas category-tendencias\" data-id=\"100889\" style=\"animation-delay:0.1s\">\r\n\t\t<div class=\"w-grid-item-h\">\r\n\t\t\t\t\t\t<div class=\"w-post-elm post_image usg_post_image_1 stretched\"><a href=\"https:\/\/enlazadoseventos.es\/en\/como-elegir-el-lugar-perfecto-para-celebrar-vuestra-boda\/\" aria-label=\"C\u00f3mo elegir el lugar perfecto para celebrar vuestra boda\"><img loading=\"lazy\" decoding=\"async\" width=\"683\" height=\"1024\" src=\"https:\/\/enlazadoseventos.es\/wp-content\/uploads\/2026\/06\/777176bc3e0832e46e4cea3434187377-683x1024.jpg\" class=\"attachment-large size-large wp-post-image\" alt=\"lugar de celebraci\u00f3n boda\" srcset=\"https:\/\/enlazadoseventos.es\/wp-content\/uploads\/2026\/06\/777176bc3e0832e46e4cea3434187377-683x1024.jpg 683w, https:\/\/enlazadoseventos.es\/wp-content\/uploads\/2026\/06\/777176bc3e0832e46e4cea3434187377-200x300.jpg 200w, https:\/\/enlazadoseventos.es\/wp-content\/uploads\/2026\/06\/777176bc3e0832e46e4cea3434187377-8x12.jpg 8w, https:\/\/enlazadoseventos.es\/wp-content\/uploads\/2026\/06\/777176bc3e0832e46e4cea3434187377-1000x1500.jpg 1000w, https:\/\/enlazadoseventos.es\/wp-content\/uploads\/2026\/06\/777176bc3e0832e46e4cea3434187377-133x200.jpg 133w, https:\/\/enlazadoseventos.es\/wp-content\/uploads\/2026\/06\/777176bc3e0832e46e4cea3434187377-800x1200.jpg 800w, https:\/\/enlazadoseventos.es\/wp-content\/uploads\/2026\/06\/777176bc3e0832e46e4cea3434187377-267x400.jpg 267w, https:\/\/enlazadoseventos.es\/wp-content\/uploads\/2026\/06\/777176bc3e0832e46e4cea3434187377-533x800.jpg 533w, https:\/\/enlazadoseventos.es\/wp-content\/uploads\/2026\/06\/777176bc3e0832e46e4cea3434187377-400x600.jpg 400w, https:\/\/enlazadoseventos.es\/wp-content\/uploads\/2026\/06\/777176bc3e0832e46e4cea3434187377.jpg 1024w\" sizes=\"auto, (max-width: 683px) 100vw, 683px\" \/><\/a><\/div><div class=\"w-vwrapper usg_vwrapper_1 align_none valign_top\"><div class=\"w-hwrapper usg_hwrapper_1 align_none valign_top wrap\"><div class=\"w-post-elm post_taxonomy usg_post_taxonomy_1 style_simple\"><a class=\"term-21 term-ideas\" href=\"https:\/\/enlazadoseventos.es\/en\/category\/ideas\/\">Ideas<\/a><b>, <\/b><a class=\"term-17 term-tendencias\" href=\"https:\/\/enlazadoseventos.es\/en\/category\/tendencias\/\">Tendencias<\/a><\/div><time class=\"w-post-elm post_date usg_post_date_1 has_text_color entry-date published\" datetime=\"2026-06-05T08:58:30+00:00\" title=\"5 June 2026 at 08:58:30 +00:00\">3 months ago<\/time><\/div><h2 class=\"w-post-elm post_title usg_post_title_1 has_text_color entry-title color_link_inherit\"><a href=\"https:\/\/enlazadoseventos.es\/en\/como-elegir-el-lugar-perfecto-para-celebrar-vuestra-boda\/\">C\u00f3mo elegir el lugar perfecto para celebrar vuestra boda<\/a><\/h2><\/div>\t\t<\/div>\r\n\t\t\t<\/article>\r\n\t<article class=\"w-grid-item us_animate_afb off_autostart size_1x1 post-100856 post type-post status-publish format-standard has-post-thumbnail hentry category-ideas category-tendencias\" data-id=\"100856\" style=\"animation-delay:0.2s\">\r\n\t\t<div class=\"w-grid-item-h\">\r\n\t\t\t\t\t\t<div class=\"w-post-elm post_image usg_post_image_1 stretched\"><a href=\"https:\/\/enlazadoseventos.es\/en\/tendencias-en-lunas-de-miel-2026-destinos-para-viajes-de-novios-inolvidables\/\" aria-label=\"Tendencias en lunas de miel 2026, destinos para viajes de novios inolvidables\"><img loading=\"lazy\" decoding=\"async\" width=\"683\" height=\"1024\" src=\"https:\/\/enlazadoseventos.es\/wp-content\/uploads\/2026\/05\/BLOG-Enlazados-1-683x1024.png\" class=\"attachment-large size-large wp-post-image\" alt=\"lunas de miel 2026\" srcset=\"https:\/\/enlazadoseventos.es\/wp-content\/uploads\/2026\/05\/BLOG-Enlazados-1-683x1024.png 683w, https:\/\/enlazadoseventos.es\/wp-content\/uploads\/2026\/05\/BLOG-Enlazados-1-200x300.png 200w, https:\/\/enlazadoseventos.es\/wp-content\/uploads\/2026\/05\/BLOG-Enlazados-1-8x12.png 8w, https:\/\/enlazadoseventos.es\/wp-content\/uploads\/2026\/05\/BLOG-Enlazados-1-133x200.png 133w, https:\/\/enlazadoseventos.es\/wp-content\/uploads\/2026\/05\/BLOG-Enlazados-1-267x400.png 267w, https:\/\/enlazadoseventos.es\/wp-content\/uploads\/2026\/05\/BLOG-Enlazados-1-533x800.png 533w, https:\/\/enlazadoseventos.es\/wp-content\/uploads\/2026\/05\/BLOG-Enlazados-1-400x600.png 400w, https:\/\/enlazadoseventos.es\/wp-content\/uploads\/2026\/05\/BLOG-Enlazados-1.png 800w\" sizes=\"auto, (max-width: 683px) 100vw, 683px\" \/><\/a><\/div><div class=\"w-vwrapper usg_vwrapper_1 align_none valign_top\"><div class=\"w-hwrapper usg_hwrapper_1 align_none valign_top wrap\"><div class=\"w-post-elm post_taxonomy usg_post_taxonomy_1 style_simple\"><a class=\"term-21 term-ideas\" href=\"https:\/\/enlazadoseventos.es\/en\/category\/ideas\/\">Ideas<\/a><b>, <\/b><a class=\"term-17 term-tendencias\" href=\"https:\/\/enlazadoseventos.es\/en\/category\/tendencias\/\">Tendencias<\/a><\/div><time class=\"w-post-elm post_date usg_post_date_1 has_text_color entry-date published\" datetime=\"2026-05-19T10:51:26+00:00\" title=\"19 May 2026 at 10:51:26 +00:00\">3 months ago<\/time><\/div><h2 class=\"w-post-elm post_title usg_post_title_1 has_text_color entry-title color_link_inherit\"><a href=\"https:\/\/enlazadoseventos.es\/en\/tendencias-en-lunas-de-miel-2026-destinos-para-viajes-de-novios-inolvidables\/\">Tendencias en lunas de miel 2026, destinos para viajes de novios inolvidables<\/a><\/h2><\/div>\t\t<\/div>\r\n\t\t\t<\/article>\r\n\t<article class=\"w-grid-item us_animate_afb off_autostart size_1x1 post-100811 post type-post status-publish format-standard has-post-thumbnail hentry category-ideas category-tendencias\" data-id=\"100811\" style=\"animation-delay:0.3s\">\r\n\t\t<div class=\"w-grid-item-h\">\r\n\t\t\t\t\t\t<div class=\"w-post-elm post_image usg_post_image_1 stretched\"><a href=\"https:\/\/enlazadoseventos.es\/en\/como-elegir-los-zapatos-de-novia-perfectos-para-tu-gran-dia\/\" aria-label=\"C\u00f3mo elegir los zapatos de novia perfectos para tu gran d\u00eda\"><img loading=\"lazy\" decoding=\"async\" width=\"683\" height=\"1024\" src=\"https:\/\/enlazadoseventos.es\/wp-content\/uploads\/2026\/05\/BLOG-Enlazados-683x1024.png\" class=\"attachment-large size-large wp-post-image\" alt=\"\" srcset=\"https:\/\/enlazadoseventos.es\/wp-content\/uploads\/2026\/05\/BLOG-Enlazados-683x1024.png 683w, https:\/\/enlazadoseventos.es\/wp-content\/uploads\/2026\/05\/BLOG-Enlazados-200x300.png 200w, https:\/\/enlazadoseventos.es\/wp-content\/uploads\/2026\/05\/BLOG-Enlazados-8x12.png 8w, https:\/\/enlazadoseventos.es\/wp-content\/uploads\/2026\/05\/BLOG-Enlazados-133x200.png 133w, https:\/\/enlazadoseventos.es\/wp-content\/uploads\/2026\/05\/BLOG-Enlazados-267x400.png 267w, https:\/\/enlazadoseventos.es\/wp-content\/uploads\/2026\/05\/BLOG-Enlazados-533x800.png 533w, https:\/\/enlazadoseventos.es\/wp-content\/uploads\/2026\/05\/BLOG-Enlazados-400x600.png 400w, https:\/\/enlazadoseventos.es\/wp-content\/uploads\/2026\/05\/BLOG-Enlazados.png 800w\" sizes=\"auto, (max-width: 683px) 100vw, 683px\" \/><\/a><\/div><div class=\"w-vwrapper usg_vwrapper_1 align_none valign_top\"><div class=\"w-hwrapper usg_hwrapper_1 align_none valign_top wrap\"><div class=\"w-post-elm post_taxonomy usg_post_taxonomy_1 style_simple\"><a class=\"term-21 term-ideas\" href=\"https:\/\/enlazadoseventos.es\/en\/category\/ideas\/\">Ideas<\/a><b>, <\/b><a class=\"term-17 term-tendencias\" href=\"https:\/\/enlazadoseventos.es\/en\/category\/tendencias\/\">Tendencias<\/a><\/div><time class=\"w-post-elm post_date usg_post_date_1 has_text_color entry-date published\" datetime=\"2026-05-07T09:20:39+00:00\" title=\"7 May 2026 at 09:20:39 +00:00\">4 months ago<\/time><\/div><h2 class=\"w-post-elm post_title usg_post_title_1 has_text_color entry-title color_link_inherit\"><a href=\"https:\/\/enlazadoseventos.es\/en\/como-elegir-los-zapatos-de-novia-perfectos-para-tu-gran-dia\/\">C\u00f3mo elegir los zapatos de novia perfectos para tu gran d\u00eda<\/a><\/h2><\/div>\t\t<\/div>\r\n\t\t\t<\/article>\r\n\t<article class=\"w-grid-item us_animate_afb off_autostart size_1x1 post-100800 post type-post status-publish format-standard has-post-thumbnail hentry category-tendencias\" data-id=\"100800\" style=\"animation-delay:0.4s\">\r\n\t\t<div class=\"w-grid-item-h\">\r\n\t\t\t\t\t\t<div class=\"w-post-elm post_image usg_post_image_1 stretched\"><a href=\"https:\/\/enlazadoseventos.es\/en\/tendencias-en-ramos-de-novia-2026\/\" aria-label=\"Tendencias en ramos de novia 2026\"><img loading=\"lazy\" decoding=\"async\" width=\"683\" height=\"1024\" src=\"https:\/\/enlazadoseventos.es\/wp-content\/uploads\/2026\/04\/Diseno-sin-titulo-6-683x1024.png\" class=\"attachment-large size-large wp-post-image\" alt=\"Ramos de novia\" srcset=\"https:\/\/enlazadoseventos.es\/wp-content\/uploads\/2026\/04\/Diseno-sin-titulo-6-683x1024.png 683w, https:\/\/enlazadoseventos.es\/wp-content\/uploads\/2026\/04\/Diseno-sin-titulo-6-200x300.png 200w, https:\/\/enlazadoseventos.es\/wp-content\/uploads\/2026\/04\/Diseno-sin-titulo-6-8x12.png 8w, https:\/\/enlazadoseventos.es\/wp-content\/uploads\/2026\/04\/Diseno-sin-titulo-6-133x200.png 133w, https:\/\/enlazadoseventos.es\/wp-content\/uploads\/2026\/04\/Diseno-sin-titulo-6-267x400.png 267w, https:\/\/enlazadoseventos.es\/wp-content\/uploads\/2026\/04\/Diseno-sin-titulo-6-533x800.png 533w, https:\/\/enlazadoseventos.es\/wp-content\/uploads\/2026\/04\/Diseno-sin-titulo-6-400x600.png 400w, https:\/\/enlazadoseventos.es\/wp-content\/uploads\/2026\/04\/Diseno-sin-titulo-6.png 800w\" sizes=\"auto, (max-width: 683px) 100vw, 683px\" \/><\/a><\/div><div class=\"w-vwrapper usg_vwrapper_1 align_none valign_top\"><div class=\"w-hwrapper usg_hwrapper_1 align_none valign_top wrap\"><div class=\"w-post-elm post_taxonomy usg_post_taxonomy_1 style_simple\"><a class=\"term-17 term-tendencias\" href=\"https:\/\/enlazadoseventos.es\/en\/category\/tendencias\/\">Tendencias<\/a><\/div><time class=\"w-post-elm post_date usg_post_date_1 has_text_color entry-date published\" datetime=\"2026-04-17T10:35:50+00:00\" title=\"17 April 2026 at 10:35:50 +00:00\">5 months ago<\/time><\/div><h2 class=\"w-post-elm post_title usg_post_title_1 has_text_color entry-title color_link_inherit\"><a href=\"https:\/\/enlazadoseventos.es\/en\/tendencias-en-ramos-de-novia-2026\/\">Tendencias en ramos de novia 2026<\/a><\/h2><\/div>\t\t<\/div>\r\n\t\t\t<\/article>\r\n\t<article class=\"w-grid-item us_animate_afb off_autostart size_1x1 post-100757 post type-post status-publish format-standard has-post-thumbnail hentry category-tendencias\" data-id=\"100757\" style=\"animation-delay:0.5s\">\r\n\t\t<div class=\"w-grid-item-h\">\r\n\t\t\t\t\t\t<div class=\"w-post-elm post_image usg_post_image_1 stretched\"><a href=\"https:\/\/enlazadoseventos.es\/en\/regalos-de-boda-para-invitados\/\" aria-label=\"Regalos de boda para invitados\"><img loading=\"lazy\" decoding=\"async\" width=\"683\" height=\"1024\" src=\"https:\/\/enlazadoseventos.es\/wp-content\/uploads\/2026\/03\/Diseno-sin-titulo-5-683x1024.png\" class=\"attachment-large size-large wp-post-image\" alt=\"\" srcset=\"https:\/\/enlazadoseventos.es\/wp-content\/uploads\/2026\/03\/Diseno-sin-titulo-5-683x1024.png 683w, https:\/\/enlazadoseventos.es\/wp-content\/uploads\/2026\/03\/Diseno-sin-titulo-5-200x300.png 200w, https:\/\/enlazadoseventos.es\/wp-content\/uploads\/2026\/03\/Diseno-sin-titulo-5-8x12.png 8w, https:\/\/enlazadoseventos.es\/wp-content\/uploads\/2026\/03\/Diseno-sin-titulo-5-133x200.png 133w, https:\/\/enlazadoseventos.es\/wp-content\/uploads\/2026\/03\/Diseno-sin-titulo-5-267x400.png 267w, https:\/\/enlazadoseventos.es\/wp-content\/uploads\/2026\/03\/Diseno-sin-titulo-5-533x800.png 533w, https:\/\/enlazadoseventos.es\/wp-content\/uploads\/2026\/03\/Diseno-sin-titulo-5-400x600.png 400w, https:\/\/enlazadoseventos.es\/wp-content\/uploads\/2026\/03\/Diseno-sin-titulo-5.png 800w\" sizes=\"auto, (max-width: 683px) 100vw, 683px\" \/><\/a><\/div><div class=\"w-vwrapper usg_vwrapper_1 align_none valign_top\"><div class=\"w-hwrapper usg_hwrapper_1 align_none valign_top wrap\"><div class=\"w-post-elm post_taxonomy usg_post_taxonomy_1 style_simple\"><a class=\"term-17 term-tendencias\" href=\"https:\/\/enlazadoseventos.es\/en\/category\/tendencias\/\">Tendencias<\/a><\/div><time class=\"w-post-elm post_date usg_post_date_1 has_text_color entry-date published\" datetime=\"2026-04-01T10:03:01+00:00\" title=\"1 April 2026 at 10:03:01 +00:00\">5 months ago<\/time><\/div><h2 class=\"w-post-elm post_title usg_post_title_1 has_text_color entry-title color_link_inherit\"><a href=\"https:\/\/enlazadoseventos.es\/en\/regalos-de-boda-para-invitados\/\">Regalos de boda para invitados<\/a><\/h2><\/div>\t\t<\/div>\r\n\t\t\t<\/article>\r\n\t<article class=\"w-grid-item us_animate_afb off_autostart size_1x1 post-100761 post type-post status-publish format-standard has-post-thumbnail hentry category-ideas category-tendencias\" data-id=\"100761\" style=\"animation-delay:0s\">\r\n\t\t<div class=\"w-grid-item-h\">\r\n\t\t\t\t\t\t<div class=\"w-post-elm post_image usg_post_image_1 stretched\"><a href=\"https:\/\/enlazadoseventos.es\/en\/tocados-de-novia\/\" aria-label=\"Tocados de novia: c\u00f3mo elegir el complemento perfecto\"><img loading=\"lazy\" decoding=\"async\" width=\"683\" height=\"1024\" src=\"https:\/\/enlazadoseventos.es\/wp-content\/uploads\/2026\/03\/Diseno-sin-titulo-4-683x1024.png\" class=\"attachment-large size-large wp-post-image\" alt=\"tocados de novia\" srcset=\"https:\/\/enlazadoseventos.es\/wp-content\/uploads\/2026\/03\/Diseno-sin-titulo-4-683x1024.png 683w, https:\/\/enlazadoseventos.es\/wp-content\/uploads\/2026\/03\/Diseno-sin-titulo-4-200x300.png 200w, https:\/\/enlazadoseventos.es\/wp-content\/uploads\/2026\/03\/Diseno-sin-titulo-4-8x12.png 8w, https:\/\/enlazadoseventos.es\/wp-content\/uploads\/2026\/03\/Diseno-sin-titulo-4-133x200.png 133w, https:\/\/enlazadoseventos.es\/wp-content\/uploads\/2026\/03\/Diseno-sin-titulo-4-267x400.png 267w, https:\/\/enlazadoseventos.es\/wp-content\/uploads\/2026\/03\/Diseno-sin-titulo-4-533x800.png 533w, https:\/\/enlazadoseventos.es\/wp-content\/uploads\/2026\/03\/Diseno-sin-titulo-4-400x600.png 400w, https:\/\/enlazadoseventos.es\/wp-content\/uploads\/2026\/03\/Diseno-sin-titulo-4.png 800w\" sizes=\"auto, (max-width: 683px) 100vw, 683px\" \/><\/a><\/div><div class=\"w-vwrapper usg_vwrapper_1 align_none valign_top\"><div class=\"w-hwrapper usg_hwrapper_1 align_none valign_top wrap\"><div class=\"w-post-elm post_taxonomy usg_post_taxonomy_1 style_simple\"><a class=\"term-21 term-ideas\" href=\"https:\/\/enlazadoseventos.es\/en\/category\/ideas\/\">Ideas<\/a><b>, <\/b><a class=\"term-17 term-tendencias\" href=\"https:\/\/enlazadoseventos.es\/en\/category\/tendencias\/\">Tendencias<\/a><\/div><time class=\"w-post-elm post_date usg_post_date_1 has_text_color entry-date published\" datetime=\"2026-03-13T10:27:37+00:00\" title=\"13 March 2026 at 10:27:37 +00:00\">6 months ago<\/time><\/div><h2 class=\"w-post-elm post_title usg_post_title_1 has_text_color entry-title color_link_inherit\"><a href=\"https:\/\/enlazadoseventos.es\/en\/tocados-de-novia\/\">Tocados de novia: c\u00f3mo elegir el complemento perfecto<\/a><\/h2><\/div>\t\t<\/div>\r\n\t\t\t<\/article>\r\n\t<article class=\"w-grid-item us_animate_afb off_autostart size_1x1 post-100745 post type-post status-publish format-standard has-post-thumbnail hentry category-tendencias\" data-id=\"100745\" style=\"animation-delay:0.1s\">\r\n\t\t<div class=\"w-grid-item-h\">\r\n\t\t\t\t\t\t<div class=\"w-post-elm post_image usg_post_image_1 stretched\"><a href=\"https:\/\/enlazadoseventos.es\/en\/como-ser-la-invitada-perfecta\/\" aria-label=\"C\u00f3mo ser la invitada perfecta\"><img loading=\"lazy\" decoding=\"async\" width=\"683\" height=\"1024\" src=\"https:\/\/enlazadoseventos.es\/wp-content\/uploads\/2026\/02\/Diseno-sin-titulo-3-683x1024.png\" class=\"attachment-large size-large wp-post-image\" alt=\"\" srcset=\"https:\/\/enlazadoseventos.es\/wp-content\/uploads\/2026\/02\/Diseno-sin-titulo-3-683x1024.png 683w, https:\/\/enlazadoseventos.es\/wp-content\/uploads\/2026\/02\/Diseno-sin-titulo-3-200x300.png 200w, https:\/\/enlazadoseventos.es\/wp-content\/uploads\/2026\/02\/Diseno-sin-titulo-3-8x12.png 8w, https:\/\/enlazadoseventos.es\/wp-content\/uploads\/2026\/02\/Diseno-sin-titulo-3-133x200.png 133w, https:\/\/enlazadoseventos.es\/wp-content\/uploads\/2026\/02\/Diseno-sin-titulo-3-267x400.png 267w, https:\/\/enlazadoseventos.es\/wp-content\/uploads\/2026\/02\/Diseno-sin-titulo-3-533x800.png 533w, https:\/\/enlazadoseventos.es\/wp-content\/uploads\/2026\/02\/Diseno-sin-titulo-3-400x600.png 400w, https:\/\/enlazadoseventos.es\/wp-content\/uploads\/2026\/02\/Diseno-sin-titulo-3.png 800w\" sizes=\"auto, (max-width: 683px) 100vw, 683px\" \/><\/a><\/div><div class=\"w-vwrapper usg_vwrapper_1 align_none valign_top\"><div class=\"w-hwrapper usg_hwrapper_1 align_none valign_top wrap\"><div class=\"w-post-elm post_taxonomy usg_post_taxonomy_1 style_simple\"><a class=\"term-17 term-tendencias\" href=\"https:\/\/enlazadoseventos.es\/en\/category\/tendencias\/\">Tendencias<\/a><\/div><time class=\"w-post-elm post_date usg_post_date_1 has_text_color entry-date published\" datetime=\"2026-02-20T10:24:26+00:00\" title=\"20 February 2026 at 10:24:26 +00:00\">6 months ago<\/time><\/div><h2 class=\"w-post-elm post_title usg_post_title_1 has_text_color entry-title color_link_inherit\"><a href=\"https:\/\/enlazadoseventos.es\/en\/como-ser-la-invitada-perfecta\/\">C\u00f3mo ser la invitada perfecta<\/a><\/h2><\/div>\t\t<\/div>\r\n\t\t\t<\/article>\r\n\t<article class=\"w-grid-item us_animate_afb off_autostart size_1x1 post-100598 post type-post status-publish format-standard has-post-thumbnail hentry category-tendencias\" data-id=\"100598\" style=\"animation-delay:0.2s\">\r\n\t\t<div class=\"w-grid-item-h\">\r\n\t\t\t\t\t\t<div class=\"w-post-elm post_image usg_post_image_1 stretched\"><a href=\"https:\/\/enlazadoseventos.es\/en\/colores-tendencia-para-bodas-en-2025\/\" aria-label=\"Colores tendencia para bodas en 2025\"><img loading=\"lazy\" decoding=\"async\" width=\"819\" height=\"1024\" src=\"https:\/\/enlazadoseventos.es\/wp-content\/uploads\/2024\/12\/SaveClip.App_120004438_195688488602061_1823982572701668632_n-819x1024.jpg\" class=\"attachment-large size-large wp-post-image\" alt=\"\" srcset=\"https:\/\/enlazadoseventos.es\/wp-content\/uploads\/2024\/12\/SaveClip.App_120004438_195688488602061_1823982572701668632_n-819x1024.jpg 819w, https:\/\/enlazadoseventos.es\/wp-content\/uploads\/2024\/12\/SaveClip.App_120004438_195688488602061_1823982572701668632_n-240x300.jpg 240w, https:\/\/enlazadoseventos.es\/wp-content\/uploads\/2024\/12\/SaveClip.App_120004438_195688488602061_1823982572701668632_n-10x12.jpg 10w, https:\/\/enlazadoseventos.es\/wp-content\/uploads\/2024\/12\/SaveClip.App_120004438_195688488602061_1823982572701668632_n-160x200.jpg 160w, https:\/\/enlazadoseventos.es\/wp-content\/uploads\/2024\/12\/SaveClip.App_120004438_195688488602061_1823982572701668632_n-959x1200.jpg 959w, https:\/\/enlazadoseventos.es\/wp-content\/uploads\/2024\/12\/SaveClip.App_120004438_195688488602061_1823982572701668632_n-320x400.jpg 320w, https:\/\/enlazadoseventos.es\/wp-content\/uploads\/2024\/12\/SaveClip.App_120004438_195688488602061_1823982572701668632_n-640x800.jpg 640w, https:\/\/enlazadoseventos.es\/wp-content\/uploads\/2024\/12\/SaveClip.App_120004438_195688488602061_1823982572701668632_n-480x600.jpg 480w, https:\/\/enlazadoseventos.es\/wp-content\/uploads\/2024\/12\/SaveClip.App_120004438_195688488602061_1823982572701668632_n.jpg 1080w\" sizes=\"auto, (max-width: 819px) 100vw, 819px\" \/><\/a><\/div><div class=\"w-vwrapper usg_vwrapper_1 align_none valign_top\"><div class=\"w-hwrapper usg_hwrapper_1 align_none valign_top wrap\"><div class=\"w-post-elm post_taxonomy usg_post_taxonomy_1 style_simple\"><a class=\"term-17 term-tendencias\" href=\"https:\/\/enlazadoseventos.es\/en\/category\/tendencias\/\">Tendencias<\/a><\/div><time class=\"w-post-elm post_date usg_post_date_1 has_text_color entry-date published\" datetime=\"2024-12-10T14:00:52+00:00\" title=\"10 December 2024 at 14:00:52 +00:00\">2 years ago<\/time><\/div><h2 class=\"w-post-elm post_title usg_post_title_1 has_text_color entry-title color_link_inherit\"><a href=\"https:\/\/enlazadoseventos.es\/en\/colores-tendencia-para-bodas-en-2025\/\">Colores tendencia para bodas en 2025<\/a><\/h2><\/div>\t\t<\/div>\r\n\t\t\t<\/article>\r\n\t<article class=\"w-grid-item us_animate_afb off_autostart size_1x1 post-100528 post type-post status-publish format-standard has-post-thumbnail hentry category-tendencias\" data-id=\"100528\" style=\"animation-delay:0.3s\">\r\n\t\t<div class=\"w-grid-item-h\">\r\n\t\t\t\t\t\t<div class=\"w-post-elm post_image usg_post_image_1 stretched\"><a href=\"https:\/\/enlazadoseventos.es\/en\/las-torres-de-champagne-la-tendencia-que-eleva-tu-boda-a-otro-nivel\/\" aria-label=\"Las Torres de Champagne: La tendencia que eleva tu boda a otro nivel\"><img loading=\"lazy\" decoding=\"async\" width=\"600\" height=\"900\" src=\"https:\/\/enlazadoseventos.es\/wp-content\/uploads\/2024\/10\/copas-de-champan-que-se-colocan-en-una-torre-el-banquete-boda-piramide-cristal-la-las-vino-champana-noche-202914876.png\" class=\"attachment-large size-large wp-post-image\" alt=\"\" srcset=\"https:\/\/enlazadoseventos.es\/wp-content\/uploads\/2024\/10\/copas-de-champan-que-se-colocan-en-una-torre-el-banquete-boda-piramide-cristal-la-las-vino-champana-noche-202914876.png 600w, https:\/\/enlazadoseventos.es\/wp-content\/uploads\/2024\/10\/copas-de-champan-que-se-colocan-en-una-torre-el-banquete-boda-piramide-cristal-la-las-vino-champana-noche-202914876-200x300.png 200w, https:\/\/enlazadoseventos.es\/wp-content\/uploads\/2024\/10\/copas-de-champan-que-se-colocan-en-una-torre-el-banquete-boda-piramide-cristal-la-las-vino-champana-noche-202914876-8x12.png 8w, https:\/\/enlazadoseventos.es\/wp-content\/uploads\/2024\/10\/copas-de-champan-que-se-colocan-en-una-torre-el-banquete-boda-piramide-cristal-la-las-vino-champana-noche-202914876-133x200.png 133w, https:\/\/enlazadoseventos.es\/wp-content\/uploads\/2024\/10\/copas-de-champan-que-se-colocan-en-una-torre-el-banquete-boda-piramide-cristal-la-las-vino-champana-noche-202914876-267x400.png 267w, https:\/\/enlazadoseventos.es\/wp-content\/uploads\/2024\/10\/copas-de-champan-que-se-colocan-en-una-torre-el-banquete-boda-piramide-cristal-la-las-vino-champana-noche-202914876-533x800.png 533w, https:\/\/enlazadoseventos.es\/wp-content\/uploads\/2024\/10\/copas-de-champan-que-se-colocan-en-una-torre-el-banquete-boda-piramide-cristal-la-las-vino-champana-noche-202914876-400x600.png 400w\" sizes=\"auto, (max-width: 600px) 100vw, 600px\" \/><\/a><\/div><div class=\"w-vwrapper usg_vwrapper_1 align_none valign_top\"><div class=\"w-hwrapper usg_hwrapper_1 align_none valign_top wrap\"><div class=\"w-post-elm post_taxonomy usg_post_taxonomy_1 style_simple\"><a class=\"term-17 term-tendencias\" href=\"https:\/\/enlazadoseventos.es\/en\/category\/tendencias\/\">Tendencias<\/a><\/div><time class=\"w-post-elm post_date usg_post_date_1 has_text_color entry-date published\" datetime=\"2024-10-18T08:23:24+00:00\" title=\"18 October 2024 at 08:23:24 +00:00\">2 years ago<\/time><\/div><h2 class=\"w-post-elm post_title usg_post_title_1 has_text_color entry-title color_link_inherit\"><a href=\"https:\/\/enlazadoseventos.es\/en\/las-torres-de-champagne-la-tendencia-que-eleva-tu-boda-a-otro-nivel\/\">Las Torres de Champagne: La tendencia que eleva tu boda a otro nivel<\/a><\/h2><\/div>\t\t<\/div>\r\n\t\t\t<\/article>\r\n\t<article class=\"w-grid-item us_animate_afb off_autostart size_1x1 post-100475 post type-post status-publish format-standard has-post-thumbnail hentry category-tendencias tag-tartas-de-boda tag-tendencias\" data-id=\"100475\" style=\"animation-delay:0.4s\">\r\n\t\t<div class=\"w-grid-item-h\">\r\n\t\t\t\t\t\t<div class=\"w-post-elm post_image usg_post_image_1 stretched\"><a href=\"https:\/\/enlazadoseventos.es\/en\/tartas-de-boda-tendencias-que-haran-tu-dia-especial-aun-mas-dulce\/\" aria-label=\"Tartas de boda. Tendencias que har\u00e1n tu d\u00eda especial a\u00fan m\u00e1s dulce\"><img loading=\"lazy\" decoding=\"async\" width=\"564\" height=\"846\" src=\"https:\/\/enlazadoseventos.es\/wp-content\/uploads\/2024\/09\/Tarta-interactiva-2.jpg\" class=\"attachment-large size-large wp-post-image\" alt=\"Tarta interactiva 2\" srcset=\"https:\/\/enlazadoseventos.es\/wp-content\/uploads\/2024\/09\/Tarta-interactiva-2.jpg 564w, https:\/\/enlazadoseventos.es\/wp-content\/uploads\/2024\/09\/Tarta-interactiva-2-200x300.jpg 200w, https:\/\/enlazadoseventos.es\/wp-content\/uploads\/2024\/09\/Tarta-interactiva-2-8x12.jpg 8w, https:\/\/enlazadoseventos.es\/wp-content\/uploads\/2024\/09\/Tarta-interactiva-2-133x200.jpg 133w, https:\/\/enlazadoseventos.es\/wp-content\/uploads\/2024\/09\/Tarta-interactiva-2-267x400.jpg 267w, https:\/\/enlazadoseventos.es\/wp-content\/uploads\/2024\/09\/Tarta-interactiva-2-533x800.jpg 533w, https:\/\/enlazadoseventos.es\/wp-content\/uploads\/2024\/09\/Tarta-interactiva-2-400x600.jpg 400w\" sizes=\"auto, (max-width: 564px) 100vw, 564px\" \/><\/a><\/div><div class=\"w-vwrapper usg_vwrapper_1 align_none valign_top\"><div class=\"w-hwrapper usg_hwrapper_1 align_none valign_top wrap\"><div class=\"w-post-elm post_taxonomy usg_post_taxonomy_1 style_simple\"><a class=\"term-17 term-tendencias\" href=\"https:\/\/enlazadoseventos.es\/en\/category\/tendencias\/\">Tendencias<\/a><\/div><time class=\"w-post-elm post_date usg_post_date_1 has_text_color entry-date published\" datetime=\"2024-09-25T09:56:47+00:00\" title=\"25 September 2024 at 09:56:47 +00:00\">2 years ago<\/time><\/div><h2 class=\"w-post-elm post_title usg_post_title_1 has_text_color entry-title color_link_inherit\"><a href=\"https:\/\/enlazadoseventos.es\/en\/tartas-de-boda-tendencias-que-haran-tu-dia-especial-aun-mas-dulce\/\">Tartas de boda. Tendencias que har\u00e1n tu d\u00eda especial a\u00fan m\u00e1s dulce<\/a><\/h2><\/div>\t\t<\/div>\r\n\t\t\t<\/article>\r\n\t<article class=\"w-grid-item us_animate_afb off_autostart size_1x1 post-100347 post type-post status-publish format-standard has-post-thumbnail hentry category-tendencias\" data-id=\"100347\" style=\"animation-delay:0.5s\">\r\n\t\t<div class=\"w-grid-item-h\">\r\n\t\t\t\t\t\t<div class=\"w-post-elm post_image usg_post_image_1 stretched\"><a href=\"https:\/\/enlazadoseventos.es\/en\/bodas-festivaleras-una-tendencia-revolucionaria-para-el-2025\/\" aria-label=\"Bodas festivaleras: una tendencia revolucionaria para el 2025\"><img loading=\"lazy\" decoding=\"async\" width=\"853\" height=\"1024\" src=\"https:\/\/enlazadoseventos.es\/wp-content\/uploads\/2024\/09\/Fotos-portadas-bodas-1-853x1024.png\" class=\"attachment-large size-large wp-post-image\" alt=\"Portada wedding fest\" \/><\/a><\/div><div class=\"w-vwrapper usg_vwrapper_1 align_none valign_top\"><div class=\"w-hwrapper usg_hwrapper_1 align_none valign_top wrap\"><div class=\"w-post-elm post_taxonomy usg_post_taxonomy_1 style_simple\"><a class=\"term-17 term-tendencias\" href=\"https:\/\/enlazadoseventos.es\/en\/category\/tendencias\/\">Tendencias<\/a><\/div><time class=\"w-post-elm post_date usg_post_date_1 has_text_color entry-date published\" datetime=\"2024-09-11T13:52:12+00:00\" title=\"11 September 2024 at 13:52:12 +00:00\">2 years ago<\/time><\/div><h2 class=\"w-post-elm post_title usg_post_title_1 has_text_color entry-title color_link_inherit\"><a href=\"https:\/\/enlazadoseventos.es\/en\/bodas-festivaleras-una-tendencia-revolucionaria-para-el-2025\/\">Bodas festivaleras: una tendencia revolucionaria para el 2025<\/a><\/h2><\/div>\t\t<\/div>\r\n\t\t\t<\/article>\r\n\t<article class=\"w-grid-item us_animate_afb off_autostart size_1x1 post-100301 post type-post status-publish format-standard has-post-thumbnail hentry category-lugares\" data-id=\"100301\" style=\"animation-delay:0s\">\r\n\t\t<div class=\"w-grid-item-h\">\r\n\t\t\t\t\t\t<div class=\"w-post-elm post_image usg_post_image_1 stretched\"><a href=\"https:\/\/enlazadoseventos.es\/en\/palacio-de-los-cordova\/\" aria-label=\"El Palacio de los C\u00f3rdova. El lugar m\u00e1s bonito y rom\u00e1ntico para celebrar tu boda\"><img loading=\"lazy\" decoding=\"async\" width=\"750\" height=\"500\" src=\"https:\/\/enlazadoseventos.es\/wp-content\/uploads\/2024\/08\/Fotos-blog.png\" class=\"attachment-large size-large wp-post-image\" alt=\"Boda palacio de los c\u00f3rdova\" srcset=\"https:\/\/enlazadoseventos.es\/wp-content\/uploads\/2024\/08\/Fotos-blog.png 750w, https:\/\/enlazadoseventos.es\/wp-content\/uploads\/2024\/08\/Fotos-blog-300x200.png 300w, https:\/\/enlazadoseventos.es\/wp-content\/uploads\/2024\/08\/Fotos-blog-18x12.png 18w, https:\/\/enlazadoseventos.es\/wp-content\/uploads\/2024\/08\/Fotos-blog-200x133.png 200w\" sizes=\"auto, (max-width: 750px) 100vw, 750px\" \/><\/a><\/div><div class=\"w-vwrapper usg_vwrapper_1 align_none valign_top\"><div class=\"w-hwrapper usg_hwrapper_1 align_none valign_top wrap\"><div class=\"w-post-elm post_taxonomy usg_post_taxonomy_1 style_simple\"><a class=\"term-18 term-lugares\" href=\"https:\/\/enlazadoseventos.es\/en\/category\/lugares\/\">Lugares<\/a><\/div><time class=\"w-post-elm post_date usg_post_date_1 has_text_color entry-date published\" datetime=\"2024-08-26T09:55:06+00:00\" title=\"26 August 2024 at 09:55:06 +00:00\">2 years ago<\/time><\/div><h2 class=\"w-post-elm post_title usg_post_title_1 has_text_color entry-title color_link_inherit\"><a href=\"https:\/\/enlazadoseventos.es\/en\/palacio-de-los-cordova\/\">El Palacio de los C\u00f3rdova. El lugar m\u00e1s bonito y rom\u00e1ntico para celebrar tu boda<\/a><\/h2><\/div>\t\t<\/div>\r\n\t\t\t<\/article>\r\n\t<article class=\"w-grid-item us_animate_afb off_autostart size_1x1 post-100289 post type-post status-publish format-standard has-post-thumbnail hentry category-lugares\" data-id=\"100289\" style=\"animation-delay:0.1s\">\r\n\t\t<div class=\"w-grid-item-h\">\r\n\t\t\t\t\t\t<div class=\"w-post-elm post_image usg_post_image_1 stretched\"><a href=\"https:\/\/enlazadoseventos.es\/en\/tu-boda-en-granada\/\" aria-label=\"Tu boda en Granada: Un destino Rom\u00e1ntico y Cultural\"><img loading=\"lazy\" decoding=\"async\" width=\"1024\" height=\"683\" src=\"https:\/\/enlazadoseventos.es\/wp-content\/uploads\/2024\/05\/Foto-Alhambra-1024x683.png\" class=\"attachment-large size-large wp-post-image\" alt=\"\" srcset=\"https:\/\/enlazadoseventos.es\/wp-content\/uploads\/2024\/05\/Foto-Alhambra-1024x683.png 1024w, https:\/\/enlazadoseventos.es\/wp-content\/uploads\/2024\/05\/Foto-Alhambra-300x200.png 300w, https:\/\/enlazadoseventos.es\/wp-content\/uploads\/2024\/05\/Foto-Alhambra-1500x1000.png 1500w, https:\/\/enlazadoseventos.es\/wp-content\/uploads\/2024\/05\/Foto-Alhambra-200x133.png 200w, https:\/\/enlazadoseventos.es\/wp-content\/uploads\/2024\/05\/Foto-Alhambra-1200x800.png 1200w\" sizes=\"auto, (max-width: 1024px) 100vw, 1024px\" \/><\/a><\/div><div class=\"w-vwrapper usg_vwrapper_1 align_none valign_top\"><div class=\"w-hwrapper usg_hwrapper_1 align_none valign_top wrap\"><div class=\"w-post-elm post_taxonomy usg_post_taxonomy_1 style_simple\"><a class=\"term-18 term-lugares\" href=\"https:\/\/enlazadoseventos.es\/en\/category\/lugares\/\">Lugares<\/a><\/div><time class=\"w-post-elm post_date usg_post_date_1 has_text_color entry-date published\" datetime=\"2024-08-13T10:39:35+00:00\" title=\"13 August 2024 at 10:39:35 +00:00\">2 years ago<\/time><\/div><h2 class=\"w-post-elm post_title usg_post_title_1 has_text_color entry-title color_link_inherit\"><a href=\"https:\/\/enlazadoseventos.es\/en\/tu-boda-en-granada\/\">Tu boda en Granada: Un destino Rom\u00e1ntico y Cultural<\/a><\/h2><\/div>\t\t<\/div>\r\n\t\t\t<\/article>\r\n\t<article class=\"w-grid-item us_animate_afb off_autostart size_1x1 post-100102 post type-post status-publish format-standard has-post-thumbnail hentry category-tendencias\" data-id=\"100102\" style=\"animation-delay:0.2s\">\r\n\t\t<div class=\"w-grid-item-h\">\r\n\t\t\t\t\t\t<div class=\"w-post-elm post_image usg_post_image_1 stretched\"><a href=\"https:\/\/enlazadoseventos.es\/en\/10-estilos-de-bodas-cual-es-el-tuyo\/\" aria-label=\"10 estilos de bodas, \u00bfcu\u00e1l es el tuyo?\"><img loading=\"lazy\" decoding=\"async\" width=\"1024\" height=\"683\" src=\"https:\/\/enlazadoseventos.es\/wp-content\/uploads\/2024\/06\/OM114-1024x683.jpg\" class=\"attachment-large size-large wp-post-image\" alt=\"\" srcset=\"https:\/\/enlazadoseventos.es\/wp-content\/uploads\/2024\/06\/OM114-1024x683.jpg 1024w, https:\/\/enlazadoseventos.es\/wp-content\/uploads\/2024\/06\/OM114-300x200.jpg 300w, https:\/\/enlazadoseventos.es\/wp-content\/uploads\/2024\/06\/OM114-18x12.jpg 18w, https:\/\/enlazadoseventos.es\/wp-content\/uploads\/2024\/06\/OM114-1500x1000.jpg 1500w, https:\/\/enlazadoseventos.es\/wp-content\/uploads\/2024\/06\/OM114-200x133.jpg 200w, https:\/\/enlazadoseventos.es\/wp-content\/uploads\/2024\/06\/OM114-1200x800.jpg 1200w\" sizes=\"auto, (max-width: 1024px) 100vw, 1024px\" \/><\/a><\/div><div class=\"w-vwrapper usg_vwrapper_1 align_none valign_top\"><div class=\"w-hwrapper usg_hwrapper_1 align_none valign_top wrap\"><div class=\"w-post-elm post_taxonomy usg_post_taxonomy_1 style_simple\"><a class=\"term-17 term-tendencias\" href=\"https:\/\/enlazadoseventos.es\/en\/category\/tendencias\/\">Tendencias<\/a><\/div><time class=\"w-post-elm post_date usg_post_date_1 has_text_color entry-date published\" datetime=\"2024-06-17T11:00:20+00:00\" title=\"17 June 2024 at 11:00:20 +00:00\">2 years ago<\/time><\/div><h2 class=\"w-post-elm post_title usg_post_title_1 has_text_color entry-title color_link_inherit\"><a href=\"https:\/\/enlazadoseventos.es\/en\/10-estilos-de-bodas-cual-es-el-tuyo\/\">10 estilos de bodas, \u00bfcu\u00e1l es el tuyo?<\/a><\/h2><\/div>\t\t<\/div>\r\n\t\t\t<\/article>\r\n\t<article class=\"w-grid-item us_animate_afb off_autostart size_1x1 post-100031 post type-post status-publish format-standard has-post-thumbnail hentry category-tendencias\" data-id=\"100031\" style=\"animation-delay:0.3s\">\r\n\t\t<div class=\"w-grid-item-h\">\r\n\t\t\t\t\t\t<div class=\"w-post-elm post_image usg_post_image_1 stretched\"><a href=\"https:\/\/enlazadoseventos.es\/en\/como-elegir-la-tematica-perfecta-de-tu-boda\/\" aria-label=\"C\u00f3mo elegir la tem\u00e1tica perfecta de tu boda\"><img loading=\"lazy\" decoding=\"async\" width=\"1024\" height=\"683\" src=\"https:\/\/enlazadoseventos.es\/wp-content\/uploads\/2024\/06\/pexels-amar-14716281-1024x683.jpg\" class=\"attachment-large size-large wp-post-image\" alt=\"\" srcset=\"https:\/\/enlazadoseventos.es\/wp-content\/uploads\/2024\/06\/pexels-amar-14716281-1024x683.jpg 1024w, https:\/\/enlazadoseventos.es\/wp-content\/uploads\/2024\/06\/pexels-amar-14716281-300x200.jpg 300w, https:\/\/enlazadoseventos.es\/wp-content\/uploads\/2024\/06\/pexels-amar-14716281-18x12.jpg 18w, https:\/\/enlazadoseventos.es\/wp-content\/uploads\/2024\/06\/pexels-amar-14716281-1500x1000.jpg 1500w, https:\/\/enlazadoseventos.es\/wp-content\/uploads\/2024\/06\/pexels-amar-14716281-200x133.jpg 200w, https:\/\/enlazadoseventos.es\/wp-content\/uploads\/2024\/06\/pexels-amar-14716281-1200x800.jpg 1200w\" sizes=\"auto, (max-width: 1024px) 100vw, 1024px\" \/><\/a><\/div><div class=\"w-vwrapper usg_vwrapper_1 align_none valign_top\"><div class=\"w-hwrapper usg_hwrapper_1 align_none valign_top wrap\"><div class=\"w-post-elm post_taxonomy usg_post_taxonomy_1 style_simple\"><a class=\"term-17 term-tendencias\" href=\"https:\/\/enlazadoseventos.es\/en\/category\/tendencias\/\">Tendencias<\/a><\/div><time class=\"w-post-elm post_date usg_post_date_1 has_text_color entry-date published\" datetime=\"2024-06-17T11:00:13+00:00\" title=\"17 June 2024 at 11:00:13 +00:00\">2 years ago<\/time><\/div><h2 class=\"w-post-elm post_title usg_post_title_1 has_text_color entry-title color_link_inherit\"><a href=\"https:\/\/enlazadoseventos.es\/en\/como-elegir-la-tematica-perfecta-de-tu-boda\/\">C\u00f3mo elegir la tem\u00e1tica perfecta de tu boda<\/a><\/h2><\/div>\t\t<\/div>\r\n\t\t\t<\/article>\r\n<\/div><div class=\"w-grid-preloader\">\t<div class=\"g-preloader type_1\">\r\n\t\t<div><\/div>\r\n\t<\/div>\r\n\t<\/div>\t<div class=\"w-grid-json hidden\" onclick='return {&quot;action&quot;:&quot;us_ajax_grid&quot;,&quot;infinite_scroll&quot;:0,&quot;max_num_pages&quot;:1,&quot;pagination&quot;:&quot;none&quot;,&quot;template_vars&quot;:{&quot;columns&quot;:&quot;3&quot;,&quot;exclude_items&quot;:&quot;none&quot;,&quot;img_size&quot;:&quot;default&quot;,&quot;ignore_items_size&quot;:0,&quot;items_layout&quot;:&quot;blog_9&quot;,&quot;items_offset&quot;:&quot;1&quot;,&quot;load_animation&quot;:&quot;afb&quot;,&quot;overriding_link&quot;:&quot;%7B%22url%22%3A%22%22%7D&quot;,&quot;post_id&quot;:0,&quot;query_args&quot;:{&quot;post_type&quot;:[&quot;post&quot;],&quot;post_status&quot;:[&quot;publish&quot;,&quot;acf-disabled&quot;],&quot;posts_per_page&quot;:&quot;20&quot;},&quot;orderby_query_args&quot;:{&quot;orderby&quot;:{&quot;date&quot;:&quot;DESC&quot;}},&quot;type&quot;:&quot;masonry&quot;,&quot;us_grid_post_type&quot;:&quot;post&quot;,&quot;us_grid_ajax_index&quot;:1,&quot;us_grid_filter_query_string&quot;:null,&quot;us_grid_index&quot;:1,&quot;page_args&quot;:[]}}'><\/div>\r\n\t<\/div><\/div><\/div><\/div><\/div><\/section><section class=\"l-section wpb_row height_auto\"><div class=\"l-section-h i-cf\"><div class=\"g-cols vc_row via_grid cols_1 laptops-cols_inherit tablets-cols_inherit mobiles-cols_1 valign_top type_default stacking_default\"><div class=\"wpb_column vc_column_container\"><div class=\"vc_column-inner\"><div class=\"w-separator size_medium\"><\/div><\/div><\/div><\/div><\/div><\/section>\n","protected":false},"excerpt":{"rendered":"&nbsp; C\u00f3mo elegir la tem\u00e1tica perfecta de tu boda Planear una boda es una de las experiencias m\u00e1s emocionantes, pero tambi\u00e9n puede ser abrumadora. La elecci\u00f3n de la tem\u00e1tica adecuada puede darle a tu boda un toque personal y \u00fanico. Buscar el equilibrio entre una boda a vuestro gusto, bonita pero tambi\u00e9n adaptada a vuestros...","protected":false},"author":1,"featured_media":0,"parent":0,"menu_order":0,"comment_status":"closed","ping_status":"open","template":"","meta":{"_acf_changed":false,"om_disable_all_campaigns":false,"_uf_show_specific_survey":0,"_uf_disable_surveys":false,"footnotes":""},"class_list":["post-110","page","type-page","status-publish","hentry"],"acf":[],"aioseo_notices":[],"_links":{"self":[{"href":"https:\/\/enlazadoseventos.es\/en\/wp-json\/wp\/v2\/pages\/110","targetHints":{"allow":["GET"]}}],"collection":[{"href":"https:\/\/enlazadoseventos.es\/en\/wp-json\/wp\/v2\/pages"}],"about":[{"href":"https:\/\/enlazadoseventos.es\/en\/wp-json\/wp\/v2\/types\/page"}],"author":[{"embeddable":true,"href":"https:\/\/enlazadoseventos.es\/en\/wp-json\/wp\/v2\/users\/1"}],"replies":[{"embeddable":true,"href":"https:\/\/enlazadoseventos.es\/en\/wp-json\/wp\/v2\/comments?post=110"}],"version-history":[{"count":12,"href":"https:\/\/enlazadoseventos.es\/en\/wp-json\/wp\/v2\/pages\/110\/revisions"}],"predecessor-version":[{"id":100268,"href":"https:\/\/enlazadoseventos.es\/en\/wp-json\/wp\/v2\/pages\/110\/revisions\/100268"}],"wp:attachment":[{"href":"https:\/\/enlazadoseventos.es\/en\/wp-json\/wp\/v2\/media?parent=110"}],"curies":[{"name":"wp","href":"https:\/\/api.w.org\/{rel}","templated":true}]}}